{"id":571,"date":"2017-01-19T14:54:18","date_gmt":"2017-01-19T18:54:18","guid":{"rendered":"http:\/\/gadpsantarosa.ilionsystems.com\/napo\/?page_id=571"},"modified":"2024-03-28T09:10:35","modified_gmt":"2024-03-28T13:10:35","slug":"las-palmas","status":"publish","type":"page","link":"https:\/\/gpsantarosa.gob.ec\/napo\/las-palmas\/","title":{"rendered":"LAS PALMAS"},"content":{"rendered":"<p><img loading=\"lazy\" decoding=\"async\" class=\"aligncenter wp-image-2042 size-medium\" src=\"https:\/\/gpsantarosa.gob.ec\/napo\/wp-content\/uploads\/2024\/03\/las-Palmas-01-550x321.png\" alt=\"\" width=\"550\" height=\"321\" srcset=\"https:\/\/gpsantarosa.gob.ec\/napo\/wp-content\/uploads\/2024\/03\/las-Palmas-01-550x321.png 550w, https:\/\/gpsantarosa.gob.ec\/napo\/wp-content\/uploads\/2024\/03\/las-Palmas-01-1024x597.png 1024w, https:\/\/gpsantarosa.gob.ec\/napo\/wp-content\/uploads\/2024\/03\/las-Palmas-01-768x448.png 768w, https:\/\/gpsantarosa.gob.ec\/napo\/wp-content\/uploads\/2024\/03\/las-Palmas-01-1536x896.png 1536w, https:\/\/gpsantarosa.gob.ec\/napo\/wp-content\/uploads\/2024\/03\/las-Palmas-01-2048x1194.png 2048w\" sizes=\"auto, (max-width: 550px) 100vw, 550px\" \/><\/p>\n<p>&nbsp;<\/p>\n<p style=\"text-align: center;\"><span style=\"font-size: 18pt; color: #003366;\"><strong>La Cueva de los Tayos <\/strong><\/span><\/p>\n<p><span style=\"color: #003366;\">Se encuentra cerca del centro poblado de Las Palmas, accesible a trav\u00e9s de un sendero de 2.500 metros que atraviesa un bosque nativo y cascadas, llegando a orilals del r\u00edo Cacapishco. La cueva tiene aproximadamente 50 metros de altura y 30 metros de profundidad, y es hogar de las aves nocturnas conocidas como Tayos.<\/span><br \/>\n<span style=\"color: #003366;\">La principal atracci\u00f3n de la cueva son las aves Tayos, que se encuentran incrustadas en las paredes rocosas. Estas aves son ciegas y se orientan utilizando la eco-locaci\u00f3n.<\/span><\/p>\n\n\t\t<style type=\"text\/css\">\n\t\t\t#gallery-1 {\n\t\t\t\tmargin: auto;\n\t\t\t}\n\t\t\t#gallery-1 .gallery-item {\n\t\t\t\tfloat: left;\n\t\t\t\tmargin-top: 10px;\n\t\t\t\ttext-align: center;\n\t\t\t\twidth: 50%;\n\t\t\t}\n\t\t\t#gallery-1 img {\n\t\t\t\tborder: 2px solid #cfcfcf;\n\t\t\t}\n\t\t\t#gallery-1 .gallery-caption {\n\t\t\t\tmargin-left: 0;\n\t\t\t}\n\t\t\t\/* see gallery_shortcode() in wp-includes\/media.php *\/\n\t\t<\/style>\n\t\t<div data-carousel-extra='{\"blog_id\":1,\"permalink\":\"https:\\\/\\\/gpsantarosa.gob.ec\\\/napo\\\/las-palmas\\\/\"}' id='gallery-1' class='gallery galleryid-571 gallery-columns-2 gallery-size-full'><dl class='gallery-item'>\n\t\t\t<dt class='gallery-icon portrait'>\n\t\t\t\t<a href='https:\/\/gpsantarosa.gob.ec\/napo\/wp-content\/uploads\/2017\/01\/03-1.jpg'><img loading=\"lazy\" decoding=\"async\" data-attachment-id=\"575\" data-orig-file=\"https:\/\/gpsantarosa.gob.ec\/napo\/wp-content\/uploads\/2017\/01\/03-1.jpg\" data-orig-size=\"390,520\" data-comments-opened=\"0\" data-image-meta=\"{&quot;aperture&quot;:&quot;0&quot;,&quot;credit&quot;:&quot;ESIP&quot;,&quot;camera&quot;:&quot;&quot;,&quot;caption&quot;:&quot;&quot;,&quot;created_timestamp&quot;:&quot;1484833282&quot;,&quot;copyright&quot;:&quot;&quot;,&quot;focal_length&quot;:&quot;0&quot;,&quot;iso&quot;:&quot;0&quot;,&quot;shutter_speed&quot;:&quot;0&quot;,&quot;title&quot;:&quot;&quot;,&quot;orientation&quot;:&quot;0&quot;,&quot;keywords&quot;:&quot;Array&quot;}\" data-image-title=\"03\" data-image-description=\"\" data-medium-file=\"https:\/\/gpsantarosa.gob.ec\/napo\/wp-content\/uploads\/2017\/01\/03-1-225x300.jpg\" data-large-file=\"https:\/\/gpsantarosa.gob.ec\/napo\/wp-content\/uploads\/2017\/01\/03-1.jpg\" width=\"390\" height=\"520\" src=\"https:\/\/gpsantarosa.gob.ec\/napo\/wp-content\/uploads\/2017\/01\/03-1.jpg\" class=\"attachment-full size-full\" alt=\"\" srcset=\"https:\/\/gpsantarosa.gob.ec\/napo\/wp-content\/uploads\/2017\/01\/03-1.jpg 390w, https:\/\/gpsantarosa.gob.ec\/napo\/wp-content\/uploads\/2017\/01\/03-1-225x300.jpg 225w\" sizes=\"auto, (max-width: 390px) 100vw, 390px\" \/><\/a>\n\t\t\t<\/dt><\/dl><dl class='gallery-item'>\n\t\t\t<dt class='gallery-icon portrait'>\n\t\t\t\t<a href='https:\/\/gpsantarosa.gob.ec\/napo\/wp-content\/uploads\/2017\/01\/01-1.jpg'><img loading=\"lazy\" decoding=\"async\" data-attachment-id=\"573\" data-orig-file=\"https:\/\/gpsantarosa.gob.ec\/napo\/wp-content\/uploads\/2017\/01\/01-1.jpg\" data-orig-size=\"388,525\" data-comments-opened=\"0\" data-image-meta=\"{&quot;aperture&quot;:&quot;0&quot;,&quot;credit&quot;:&quot;ESIP&quot;,&quot;camera&quot;:&quot;&quot;,&quot;caption&quot;:&quot;&quot;,&quot;created_timestamp&quot;:&quot;1484833220&quot;,&quot;copyright&quot;:&quot;&quot;,&quot;focal_length&quot;:&quot;0&quot;,&quot;iso&quot;:&quot;0&quot;,&quot;shutter_speed&quot;:&quot;0&quot;,&quot;title&quot;:&quot;&quot;,&quot;orientation&quot;:&quot;0&quot;,&quot;keywords&quot;:&quot;Array&quot;}\" data-image-title=\"01\" data-image-description=\"\" data-medium-file=\"https:\/\/gpsantarosa.gob.ec\/napo\/wp-content\/uploads\/2017\/01\/01-1-222x300.jpg\" data-large-file=\"https:\/\/gpsantarosa.gob.ec\/napo\/wp-content\/uploads\/2017\/01\/01-1.jpg\" width=\"388\" height=\"525\" src=\"https:\/\/gpsantarosa.gob.ec\/napo\/wp-content\/uploads\/2017\/01\/01-1.jpg\" class=\"attachment-full size-full\" alt=\"\" srcset=\"https:\/\/gpsantarosa.gob.ec\/napo\/wp-content\/uploads\/2017\/01\/01-1.jpg 388w, https:\/\/gpsantarosa.gob.ec\/napo\/wp-content\/uploads\/2017\/01\/01-1-222x300.jpg 222w\" sizes=\"auto, (max-width: 388px) 100vw, 388px\" \/><\/a>\n\t\t\t<\/dt><\/dl><br style=\"clear: both\" \/>\n\t\t<\/div>\n\n<p style=\"text-align: center;\"><span style=\"color: #003366; font-size: 18pt;\"><strong>Orquideario San Crist\u00f3bal<\/strong><\/span><\/p>\n<p><span style=\"color: #003366;\">Es una extensi\u00f3n de unos 5.000 metros cuadrados de terreno y en el Orquideario se pueden observar m\u00e1s de 100 orqu\u00eddeas, creando un entorno natural para que estas especies se desarrollen en toda la superficie. Las principales especies son: Maxilla, Elleanthus, Pleurothallis, Vanilla, Oncidium, Masdevallia.<\/span><\/p>\n\n\t\t<style type=\"text\/css\">\n\t\t\t#gallery-2 {\n\t\t\t\tmargin: auto;\n\t\t\t}\n\t\t\t#gallery-2 .gallery-item {\n\t\t\t\tfloat: left;\n\t\t\t\tmargin-top: 10px;\n\t\t\t\ttext-align: center;\n\t\t\t\twidth: 50%;\n\t\t\t}\n\t\t\t#gallery-2 img {\n\t\t\t\tborder: 2px solid #cfcfcf;\n\t\t\t}\n\t\t\t#gallery-2 .gallery-caption {\n\t\t\t\tmargin-left: 0;\n\t\t\t}\n\t\t\t\/* see gallery_shortcode() in wp-includes\/media.php *\/\n\t\t<\/style>\n\t\t<div data-carousel-extra='{\"blog_id\":1,\"permalink\":\"https:\\\/\\\/gpsantarosa.gob.ec\\\/napo\\\/las-palmas\\\/\"}' id='gallery-2' class='gallery galleryid-571 gallery-columns-2 gallery-size-full'><dl class='gallery-item'>\n\t\t\t<dt class='gallery-icon landscape'>\n\t\t\t\t<a href='https:\/\/gpsantarosa.gob.ec\/napo\/wp-content\/uploads\/2024\/03\/orquideario-san-cristobal-1.jpg'><img loading=\"lazy\" decoding=\"async\" data-attachment-id=\"2047\" data-orig-file=\"https:\/\/gpsantarosa.gob.ec\/napo\/wp-content\/uploads\/2024\/03\/orquideario-san-cristobal-1.jpg\" data-orig-size=\"300,225\" data-comments-opened=\"0\" data-image-meta=\"{&quot;aperture&quot;:&quot;0&quot;,&quot;credit&quot;:&quot;&quot;,&quot;camera&quot;:&quot;&quot;,&quot;caption&quot;:&quot;&quot;,&quot;created_timestamp&quot;:&quot;0&quot;,&quot;copyright&quot;:&quot;&quot;,&quot;focal_length&quot;:&quot;0&quot;,&quot;iso&quot;:&quot;0&quot;,&quot;shutter_speed&quot;:&quot;0&quot;,&quot;title&quot;:&quot;&quot;,&quot;orientation&quot;:&quot;0&quot;,&quot;keywords&quot;:&quot;Array&quot;}\" data-image-title=\"orquideario san cristobal\" data-image-description=\"\" data-medium-file=\"https:\/\/gpsantarosa.gob.ec\/napo\/wp-content\/uploads\/2024\/03\/orquideario-san-cristobal-1.jpg\" data-large-file=\"https:\/\/gpsantarosa.gob.ec\/napo\/wp-content\/uploads\/2024\/03\/orquideario-san-cristobal-1.jpg\" width=\"300\" height=\"225\" src=\"https:\/\/gpsantarosa.gob.ec\/napo\/wp-content\/uploads\/2024\/03\/orquideario-san-cristobal-1.jpg\" class=\"attachment-full size-full\" alt=\"\" \/><\/a>\n\t\t\t<\/dt><\/dl><dl class='gallery-item'>\n\t\t\t<dt class='gallery-icon landscape'>\n\t\t\t\t<a href='https:\/\/gpsantarosa.gob.ec\/napo\/wp-content\/uploads\/2024\/03\/orquiSANCRISTOBAL-1.jpg'><img loading=\"lazy\" decoding=\"async\" data-attachment-id=\"2046\" data-orig-file=\"https:\/\/gpsantarosa.gob.ec\/napo\/wp-content\/uploads\/2024\/03\/orquiSANCRISTOBAL-1.jpg\" data-orig-size=\"300,221\" data-comments-opened=\"0\" data-image-meta=\"{&quot;aperture&quot;:&quot;0&quot;,&quot;credit&quot;:&quot;&quot;,&quot;camera&quot;:&quot;&quot;,&quot;caption&quot;:&quot;&quot;,&quot;created_timestamp&quot;:&quot;0&quot;,&quot;copyright&quot;:&quot;&quot;,&quot;focal_length&quot;:&quot;0&quot;,&quot;iso&quot;:&quot;0&quot;,&quot;shutter_speed&quot;:&quot;0&quot;,&quot;title&quot;:&quot;&quot;,&quot;orientation&quot;:&quot;0&quot;,&quot;keywords&quot;:&quot;Array&quot;}\" data-image-title=\"orquiSANCRISTOBAL\" data-image-description=\"\" data-medium-file=\"https:\/\/gpsantarosa.gob.ec\/napo\/wp-content\/uploads\/2024\/03\/orquiSANCRISTOBAL-1.jpg\" data-large-file=\"https:\/\/gpsantarosa.gob.ec\/napo\/wp-content\/uploads\/2024\/03\/orquiSANCRISTOBAL-1.jpg\" width=\"300\" height=\"221\" src=\"https:\/\/gpsantarosa.gob.ec\/napo\/wp-content\/uploads\/2024\/03\/orquiSANCRISTOBAL-1.jpg\" class=\"attachment-full size-full\" alt=\"\" \/><\/a>\n\t\t\t<\/dt><\/dl><br style=\"clear: both\" \/>\n\t\t<\/div>\n\n<p>&nbsp;<\/p>\n<p style=\"text-align: center;\"><span style=\"font-size: 18pt; color: #003366;\">Palmar del R\u00edo\u00a0<\/span><\/p>\n\n\t\t<style type=\"text\/css\">\n\t\t\t#gallery-3 {\n\t\t\t\tmargin: auto;\n\t\t\t}\n\t\t\t#gallery-3 .gallery-item {\n\t\t\t\tfloat: left;\n\t\t\t\tmargin-top: 10px;\n\t\t\t\ttext-align: center;\n\t\t\t\twidth: 33%;\n\t\t\t}\n\t\t\t#gallery-3 img {\n\t\t\t\tborder: 2px solid #cfcfcf;\n\t\t\t}\n\t\t\t#gallery-3 .gallery-caption {\n\t\t\t\tmargin-left: 0;\n\t\t\t}\n\t\t\t\/* see gallery_shortcode() in wp-includes\/media.php *\/\n\t\t<\/style>\n\t\t<div data-carousel-extra='{\"blog_id\":1,\"permalink\":\"https:\\\/\\\/gpsantarosa.gob.ec\\\/napo\\\/las-palmas\\\/\"}' id='gallery-3' class='gallery galleryid-571 gallery-columns-3 gallery-size-full'><dl class='gallery-item'>\n\t\t\t<dt class='gallery-icon portrait'>\n\t\t\t\t<a href='https:\/\/gpsantarosa.gob.ec\/napo\/las-palmas\/palamr-del-rio4\/'><img loading=\"lazy\" decoding=\"async\" data-attachment-id=\"2049\" data-orig-file=\"https:\/\/gpsantarosa.gob.ec\/napo\/wp-content\/uploads\/2024\/03\/palamr-del-rio4.jpg\" data-orig-size=\"612,816\" data-comments-opened=\"0\" data-image-meta=\"{&quot;aperture&quot;:&quot;0&quot;,&quot;credit&quot;:&quot;&quot;,&quot;camera&quot;:&quot;&quot;,&quot;caption&quot;:&quot;&quot;,&quot;created_timestamp&quot;:&quot;0&quot;,&quot;copyright&quot;:&quot;&quot;,&quot;focal_length&quot;:&quot;0&quot;,&quot;iso&quot;:&quot;0&quot;,&quot;shutter_speed&quot;:&quot;0&quot;,&quot;title&quot;:&quot;&quot;,&quot;orientation&quot;:&quot;0&quot;,&quot;keywords&quot;:&quot;Array&quot;}\" data-image-title=\"palamr del rio4\" data-image-description=\"\" data-medium-file=\"https:\/\/gpsantarosa.gob.ec\/napo\/wp-content\/uploads\/2024\/03\/palamr-del-rio4-550x733.jpg\" data-large-file=\"https:\/\/gpsantarosa.gob.ec\/napo\/wp-content\/uploads\/2024\/03\/palamr-del-rio4.jpg\" width=\"612\" height=\"816\" src=\"https:\/\/gpsantarosa.gob.ec\/napo\/wp-content\/uploads\/2024\/03\/palamr-del-rio4.jpg\" class=\"attachment-full size-full\" alt=\"\" srcset=\"https:\/\/gpsantarosa.gob.ec\/napo\/wp-content\/uploads\/2024\/03\/palamr-del-rio4.jpg 612w, https:\/\/gpsantarosa.gob.ec\/napo\/wp-content\/uploads\/2024\/03\/palamr-del-rio4-550x733.jpg 550w\" sizes=\"auto, (max-width: 612px) 100vw, 612px\" \/><\/a>\n\t\t\t<\/dt><\/dl><dl class='gallery-item'>\n\t\t\t<dt class='gallery-icon portrait'>\n\t\t\t\t<a href='https:\/\/gpsantarosa.gob.ec\/napo\/las-palmas\/palmar-del-rio33\/'><img loading=\"lazy\" decoding=\"async\" data-attachment-id=\"2050\" data-orig-file=\"https:\/\/gpsantarosa.gob.ec\/napo\/wp-content\/uploads\/2024\/03\/Palmar-del-rio33.jpg\" data-orig-size=\"520,925\" data-comments-opened=\"0\" data-image-meta=\"{&quot;aperture&quot;:&quot;0&quot;,&quot;credit&quot;:&quot;&quot;,&quot;camera&quot;:&quot;&quot;,&quot;caption&quot;:&quot;&quot;,&quot;created_timestamp&quot;:&quot;0&quot;,&quot;copyright&quot;:&quot;&quot;,&quot;focal_length&quot;:&quot;0&quot;,&quot;iso&quot;:&quot;0&quot;,&quot;shutter_speed&quot;:&quot;0&quot;,&quot;title&quot;:&quot;&quot;,&quot;orientation&quot;:&quot;0&quot;,&quot;keywords&quot;:&quot;Array&quot;}\" data-image-title=\"Palmar del rio33\" data-image-description=\"\" data-medium-file=\"https:\/\/gpsantarosa.gob.ec\/napo\/wp-content\/uploads\/2024\/03\/Palmar-del-rio33-450x800.jpg\" data-large-file=\"https:\/\/gpsantarosa.gob.ec\/napo\/wp-content\/uploads\/2024\/03\/Palmar-del-rio33.jpg\" width=\"520\" height=\"925\" src=\"https:\/\/gpsantarosa.gob.ec\/napo\/wp-content\/uploads\/2024\/03\/Palmar-del-rio33.jpg\" class=\"attachment-full size-full\" alt=\"\" srcset=\"https:\/\/gpsantarosa.gob.ec\/napo\/wp-content\/uploads\/2024\/03\/Palmar-del-rio33.jpg 520w, https:\/\/gpsantarosa.gob.ec\/napo\/wp-content\/uploads\/2024\/03\/Palmar-del-rio33-450x800.jpg 450w\" sizes=\"auto, (max-width: 520px) 100vw, 520px\" \/><\/a>\n\t\t\t<\/dt><\/dl><dl class='gallery-item'>\n\t\t\t<dt class='gallery-icon portrait'>\n\t\t\t\t<a href='https:\/\/gpsantarosa.gob.ec\/napo\/las-palmas\/palmar-del-rio\/'><img loading=\"lazy\" decoding=\"async\" data-attachment-id=\"2054\" data-orig-file=\"https:\/\/gpsantarosa.gob.ec\/napo\/wp-content\/uploads\/2024\/03\/PALMAR-DEL-RIO.jpg\" data-orig-size=\"768,1154\" data-comments-opened=\"0\" data-image-meta=\"{&quot;aperture&quot;:&quot;0&quot;,&quot;credit&quot;:&quot;&quot;,&quot;camera&quot;:&quot;&quot;,&quot;caption&quot;:&quot;&quot;,&quot;created_timestamp&quot;:&quot;0&quot;,&quot;copyright&quot;:&quot;&quot;,&quot;focal_length&quot;:&quot;0&quot;,&quot;iso&quot;:&quot;0&quot;,&quot;shutter_speed&quot;:&quot;0&quot;,&quot;title&quot;:&quot;&quot;,&quot;orientation&quot;:&quot;0&quot;,&quot;keywords&quot;:&quot;Array&quot;}\" data-image-title=\"PALMAR DEL RIO\" data-image-description=\"\" data-medium-file=\"https:\/\/gpsantarosa.gob.ec\/napo\/wp-content\/uploads\/2024\/03\/PALMAR-DEL-RIO-532x800.jpg\" data-large-file=\"https:\/\/gpsantarosa.gob.ec\/napo\/wp-content\/uploads\/2024\/03\/PALMAR-DEL-RIO-681x1024.jpg\" width=\"768\" height=\"1154\" src=\"https:\/\/gpsantarosa.gob.ec\/napo\/wp-content\/uploads\/2024\/03\/PALMAR-DEL-RIO.jpg\" class=\"attachment-full size-full\" alt=\"\" srcset=\"https:\/\/gpsantarosa.gob.ec\/napo\/wp-content\/uploads\/2024\/03\/PALMAR-DEL-RIO.jpg 768w, https:\/\/gpsantarosa.gob.ec\/napo\/wp-content\/uploads\/2024\/03\/PALMAR-DEL-RIO-532x800.jpg 532w, https:\/\/gpsantarosa.gob.ec\/napo\/wp-content\/uploads\/2024\/03\/PALMAR-DEL-RIO-681x1024.jpg 681w\" sizes=\"auto, (max-width: 768px) 100vw, 768px\" \/><\/a>\n\t\t\t<\/dt><\/dl><br style=\"clear: both\" \/>\n\t\t<\/div>\n\n<p>&nbsp;<\/p>\n<p style=\"text-align: center;\"><span style=\"font-size: 18pt; color: #003366;\">El Refugio del Le\u00f3n\u00a0<\/span><\/p>\n<p>&nbsp;<\/p>\n<p style=\"text-align: center;\"><span style=\"font-size: 18pt; color: #003366;\">La Jungla de Gustavo<\/span><\/p>\n<p style=\"text-align: center;\">https:\/\/www.facebook.com\/profile.php?id=100084840314331<\/p>\n<p>&nbsp;<\/p>\n<p>&nbsp;<\/p>\n<p>&nbsp;<\/p>\n<p>&nbsp;<\/p>\n<p>&nbsp;<\/p>\n","protected":false},"excerpt":{"rendered":"<p>&nbsp; La Cueva de los Tayos Se encuentra cerca del centro poblado de Las Palmas, accesible a trav\u00e9s de un sendero de 2.500 metros que atraviesa un bosque nativo y cascadas, llegando a orilals del r\u00edo Cacapishco. La cueva tiene aproximadamente 50 metros de altura y 30 metros de profundidad, y es hogar de las [&hellip;]<\/p>\n","protected":false},"author":11,"featured_media":580,"parent":0,"menu_order":1,"comment_status":"closed","ping_status":"closed","template":"","meta":{"footnotes":""},"class_list":["post-571","page","type-page","status-publish","has-post-thumbnail","hentry"],"yoast_head":"<!-- This site is optimized with the Yoast SEO plugin v26.8 - https:\/\/yoast.com\/product\/yoast-seo-wordpress\/ -->\n<title>LAS PALMAS - GAD parroquial Santa Rosa<\/title>\n<meta name=\"robots\" content=\"index, follow, max-snippet:-1, max-image-preview:large, max-video-preview:-1\" \/>\n<link rel=\"canonical\" href=\"https:\/\/gpsantarosa.gob.ec\/napo\/las-palmas\/\" \/>\n<meta property=\"og:locale\" content=\"es_ES\" \/>\n<meta property=\"og:type\" content=\"article\" \/>\n<meta property=\"og:title\" content=\"LAS PALMAS - GAD parroquial Santa Rosa\" \/>\n<meta property=\"og:description\" content=\"&nbsp; La Cueva de los Tayos Se encuentra cerca del centro poblado de Las Palmas, accesible a trav\u00e9s de un sendero de 2.500 metros que atraviesa un bosque nativo y cascadas, llegando a orilals del r\u00edo Cacapishco. La cueva tiene aproximadamente 50 metros de altura y 30 metros de profundidad, y es hogar de las [&hellip;]\" \/>\n<meta property=\"og:url\" content=\"https:\/\/gpsantarosa.gob.ec\/napo\/las-palmas\/\" \/>\n<meta property=\"og:site_name\" content=\"GAD parroquial Santa Rosa\" \/>\n<meta property=\"article:modified_time\" content=\"2024-03-28T13:10:35+00:00\" \/>\n<meta property=\"og:image\" content=\"https:\/\/gpsantarosa.gob.ec\/napo\/wp-content\/uploads\/2017\/01\/03-2.jpg\" \/>\n\t<meta property=\"og:image:width\" content=\"356\" \/>\n\t<meta property=\"og:image:height\" content=\"473\" \/>\n\t<meta property=\"og:image:type\" content=\"image\/jpeg\" \/>\n<meta name=\"twitter:card\" content=\"summary_large_image\" \/>\n<meta name=\"twitter:label1\" content=\"Tiempo de lectura\" \/>\n\t<meta name=\"twitter:data1\" content=\"1 minuto\" \/>\n<script type=\"application\/ld+json\" class=\"yoast-schema-graph\">{\"@context\":\"https:\/\/schema.org\",\"@graph\":[{\"@type\":\"WebPage\",\"@id\":\"https:\/\/gpsantarosa.gob.ec\/napo\/las-palmas\/\",\"url\":\"https:\/\/gpsantarosa.gob.ec\/napo\/las-palmas\/\",\"name\":\"LAS PALMAS - GAD parroquial Santa Rosa\",\"isPartOf\":{\"@id\":\"https:\/\/gpsantarosa.gob.ec\/napo\/#website\"},\"primaryImageOfPage\":{\"@id\":\"https:\/\/gpsantarosa.gob.ec\/napo\/las-palmas\/#primaryimage\"},\"image\":{\"@id\":\"https:\/\/gpsantarosa.gob.ec\/napo\/las-palmas\/#primaryimage\"},\"thumbnailUrl\":\"https:\/\/gpsantarosa.gob.ec\/napo\/wp-content\/uploads\/2017\/01\/03-2.jpg\",\"datePublished\":\"2017-01-19T18:54:18+00:00\",\"dateModified\":\"2024-03-28T13:10:35+00:00\",\"breadcrumb\":{\"@id\":\"https:\/\/gpsantarosa.gob.ec\/napo\/las-palmas\/#breadcrumb\"},\"inLanguage\":\"es\",\"potentialAction\":[{\"@type\":\"ReadAction\",\"target\":[\"https:\/\/gpsantarosa.gob.ec\/napo\/las-palmas\/\"]}]},{\"@type\":\"ImageObject\",\"inLanguage\":\"es\",\"@id\":\"https:\/\/gpsantarosa.gob.ec\/napo\/las-palmas\/#primaryimage\",\"url\":\"https:\/\/gpsantarosa.gob.ec\/napo\/wp-content\/uploads\/2017\/01\/03-2.jpg\",\"contentUrl\":\"https:\/\/gpsantarosa.gob.ec\/napo\/wp-content\/uploads\/2017\/01\/03-2.jpg\",\"width\":356,\"height\":473},{\"@type\":\"BreadcrumbList\",\"@id\":\"https:\/\/gpsantarosa.gob.ec\/napo\/las-palmas\/#breadcrumb\",\"itemListElement\":[{\"@type\":\"ListItem\",\"position\":1,\"name\":\"Home\",\"item\":\"https:\/\/gpsantarosa.gob.ec\/napo\/\"},{\"@type\":\"ListItem\",\"position\":2,\"name\":\"LAS PALMAS\"}]},{\"@type\":\"WebSite\",\"@id\":\"https:\/\/gpsantarosa.gob.ec\/napo\/#website\",\"url\":\"https:\/\/gpsantarosa.gob.ec\/napo\/\",\"name\":\"GAD Parroquial de Santa Rosa del Chaco\",\"description\":\"Pagina Oficial de la Parroquia de Santa Rosa del Chaco\",\"publisher\":{\"@id\":\"https:\/\/gpsantarosa.gob.ec\/napo\/#organization\"},\"potentialAction\":[{\"@type\":\"SearchAction\",\"target\":{\"@type\":\"EntryPoint\",\"urlTemplate\":\"https:\/\/gpsantarosa.gob.ec\/napo\/?s={search_term_string}\"},\"query-input\":{\"@type\":\"PropertyValueSpecification\",\"valueRequired\":true,\"valueName\":\"search_term_string\"}}],\"inLanguage\":\"es\"},{\"@type\":\"Organization\",\"@id\":\"https:\/\/gpsantarosa.gob.ec\/napo\/#organization\",\"name\":\"GAD Parroquial de Santa Rosa Napo\",\"url\":\"https:\/\/gpsantarosa.gob.ec\/napo\/\",\"logo\":{\"@type\":\"ImageObject\",\"inLanguage\":\"es\",\"@id\":\"https:\/\/gpsantarosa.gob.ec\/napo\/#\/schema\/logo\/image\/\",\"url\":\"https:\/\/gpsantarosa.gob.ec\/napo\/wp-content\/uploads\/2020\/06\/logoFooter.png\",\"contentUrl\":\"https:\/\/gpsantarosa.gob.ec\/napo\/wp-content\/uploads\/2020\/06\/logoFooter.png\",\"width\":160,\"height\":156,\"caption\":\"GAD Parroquial de Santa Rosa Napo\"},\"image\":{\"@id\":\"https:\/\/gpsantarosa.gob.ec\/napo\/#\/schema\/logo\/image\/\"}}]}<\/script>\n<!-- \/ Yoast SEO plugin. -->","yoast_head_json":{"title":"LAS PALMAS - GAD parroquial Santa Rosa","robots":{"index":"index","follow":"follow","max-snippet":"max-snippet:-1","max-image-preview":"max-image-preview:large","max-video-preview":"max-video-preview:-1"},"canonical":"https:\/\/gpsantarosa.gob.ec\/napo\/las-palmas\/","og_locale":"es_ES","og_type":"article","og_title":"LAS PALMAS - GAD parroquial Santa Rosa","og_description":"&nbsp; La Cueva de los Tayos Se encuentra cerca del centro poblado de Las Palmas, accesible a trav\u00e9s de un sendero de 2.500 metros que atraviesa un bosque nativo y cascadas, llegando a orilals del r\u00edo Cacapishco. La cueva tiene aproximadamente 50 metros de altura y 30 metros de profundidad, y es hogar de las [&hellip;]","og_url":"https:\/\/gpsantarosa.gob.ec\/napo\/las-palmas\/","og_site_name":"GAD parroquial Santa Rosa","article_modified_time":"2024-03-28T13:10:35+00:00","og_image":[{"width":356,"height":473,"url":"https:\/\/gpsantarosa.gob.ec\/napo\/wp-content\/uploads\/2017\/01\/03-2.jpg","type":"image\/jpeg"}],"twitter_card":"summary_large_image","twitter_misc":{"Tiempo de lectura":"1 minuto"},"schema":{"@context":"https:\/\/schema.org","@graph":[{"@type":"WebPage","@id":"https:\/\/gpsantarosa.gob.ec\/napo\/las-palmas\/","url":"https:\/\/gpsantarosa.gob.ec\/napo\/las-palmas\/","name":"LAS PALMAS - GAD parroquial Santa Rosa","isPartOf":{"@id":"https:\/\/gpsantarosa.gob.ec\/napo\/#website"},"primaryImageOfPage":{"@id":"https:\/\/gpsantarosa.gob.ec\/napo\/las-palmas\/#primaryimage"},"image":{"@id":"https:\/\/gpsantarosa.gob.ec\/napo\/las-palmas\/#primaryimage"},"thumbnailUrl":"https:\/\/gpsantarosa.gob.ec\/napo\/wp-content\/uploads\/2017\/01\/03-2.jpg","datePublished":"2017-01-19T18:54:18+00:00","dateModified":"2024-03-28T13:10:35+00:00","breadcrumb":{"@id":"https:\/\/gpsantarosa.gob.ec\/napo\/las-palmas\/#breadcrumb"},"inLanguage":"es","potentialAction":[{"@type":"ReadAction","target":["https:\/\/gpsantarosa.gob.ec\/napo\/las-palmas\/"]}]},{"@type":"ImageObject","inLanguage":"es","@id":"https:\/\/gpsantarosa.gob.ec\/napo\/las-palmas\/#primaryimage","url":"https:\/\/gpsantarosa.gob.ec\/napo\/wp-content\/uploads\/2017\/01\/03-2.jpg","contentUrl":"https:\/\/gpsantarosa.gob.ec\/napo\/wp-content\/uploads\/2017\/01\/03-2.jpg","width":356,"height":473},{"@type":"BreadcrumbList","@id":"https:\/\/gpsantarosa.gob.ec\/napo\/las-palmas\/#breadcrumb","itemListElement":[{"@type":"ListItem","position":1,"name":"Home","item":"https:\/\/gpsantarosa.gob.ec\/napo\/"},{"@type":"ListItem","position":2,"name":"LAS PALMAS"}]},{"@type":"WebSite","@id":"https:\/\/gpsantarosa.gob.ec\/napo\/#website","url":"https:\/\/gpsantarosa.gob.ec\/napo\/","name":"GAD Parroquial de Santa Rosa del Chaco","description":"Pagina Oficial de la Parroquia de Santa Rosa del Chaco","publisher":{"@id":"https:\/\/gpsantarosa.gob.ec\/napo\/#organization"},"potentialAction":[{"@type":"SearchAction","target":{"@type":"EntryPoint","urlTemplate":"https:\/\/gpsantarosa.gob.ec\/napo\/?s={search_term_string}"},"query-input":{"@type":"PropertyValueSpecification","valueRequired":true,"valueName":"search_term_string"}}],"inLanguage":"es"},{"@type":"Organization","@id":"https:\/\/gpsantarosa.gob.ec\/napo\/#organization","name":"GAD Parroquial de Santa Rosa Napo","url":"https:\/\/gpsantarosa.gob.ec\/napo\/","logo":{"@type":"ImageObject","inLanguage":"es","@id":"https:\/\/gpsantarosa.gob.ec\/napo\/#\/schema\/logo\/image\/","url":"https:\/\/gpsantarosa.gob.ec\/napo\/wp-content\/uploads\/2020\/06\/logoFooter.png","contentUrl":"https:\/\/gpsantarosa.gob.ec\/napo\/wp-content\/uploads\/2020\/06\/logoFooter.png","width":160,"height":156,"caption":"GAD Parroquial de Santa Rosa Napo"},"image":{"@id":"https:\/\/gpsantarosa.gob.ec\/napo\/#\/schema\/logo\/image\/"}}]}},"_links":{"self":[{"href":"https:\/\/gpsantarosa.gob.ec\/napo\/wp-json\/wp\/v2\/pages\/571","targetHints":{"allow":["GET"]}}],"collection":[{"href":"https:\/\/gpsantarosa.gob.ec\/napo\/wp-json\/wp\/v2\/pages"}],"about":[{"href":"https:\/\/gpsantarosa.gob.ec\/napo\/wp-json\/wp\/v2\/types\/page"}],"author":[{"embeddable":true,"href":"https:\/\/gpsantarosa.gob.ec\/napo\/wp-json\/wp\/v2\/users\/11"}],"replies":[{"embeddable":true,"href":"https:\/\/gpsantarosa.gob.ec\/napo\/wp-json\/wp\/v2\/comments?post=571"}],"version-history":[{"count":6,"href":"https:\/\/gpsantarosa.gob.ec\/napo\/wp-json\/wp\/v2\/pages\/571\/revisions"}],"predecessor-version":[{"id":2056,"href":"https:\/\/gpsantarosa.gob.ec\/napo\/wp-json\/wp\/v2\/pages\/571\/revisions\/2056"}],"wp:featuredmedia":[{"embeddable":true,"href":"https:\/\/gpsantarosa.gob.ec\/napo\/wp-json\/wp\/v2\/media\/580"}],"wp:attachment":[{"href":"https:\/\/gpsantarosa.gob.ec\/napo\/wp-json\/wp\/v2\/media?parent=571"}],"curies":[{"name":"wp","href":"https:\/\/api.w.org\/{rel}","templated":true}]}}